{"id":14015,"date":"2024-01-25T09:50:40","date_gmt":"2024-01-25T09:50:40","guid":{"rendered":"http:\/\/coats.com\/?page_id=14015"},"modified":"2024-10-23T18:18:21","modified_gmt":"2024-10-23T12:48:21","slug":"coats-poland-gdpr-information","status":"publish","type":"page","link":"https:\/\/www.coats.com\/pl\/coats-poland-gdpr-information\/","title":{"rendered":"Informacja RODO"},"content":{"rendered":"<div data-elementor-type=\"wp-page\" data-elementor-id=\"14015\" class=\"elementor elementor-14015\" data-elementor-post-type=\"page\">\n\t\t\t\t<div class=\"elementor-element elementor-element-98b8736 e-flex e-con-boxed e-con e-parent\" data-id=\"98b8736\" data-element_type=\"container\" data-settings=\"{&quot;background_background&quot;:&quot;classic&quot;}\">\n\t\t\t\t\t<div class=\"e-con-inner\">\n\t\t<div class=\"elementor-element elementor-element-cfbee2c companyfeatured e-flex e-con-boxed e-con e-child\" data-id=\"cfbee2c\" data-element_type=\"container\" data-settings=\"{&quot;background_background&quot;:&quot;classic&quot;}\">\n\t\t\t\t\t<div class=\"e-con-inner\">\n\t\t\t\t<div class=\"elementor-element elementor-element-663b8c8 elementor-widget__width-initial elementor-widget elementor-widget-heading\" data-id=\"663b8c8\" data-element_type=\"widget\" data-widget_type=\"heading.default\">\n\t\t\t\t<div class=\"elementor-widget-container\">\n\t\t\t\t\t<h1 class=\"elementor-heading-title elementor-size-default\">Informacja RODO<\/h1>\t\t\t\t<\/div>\n\t\t\t\t<\/div>\n\t\t\t\t\t<\/div>\n\t\t\t\t<\/div>\n\t\t\t\t\t<\/div>\n\t\t\t\t<\/div>\n\t\t<div class=\"elementor-element elementor-element-c18f2ec e-flex e-con-boxed e-con e-parent\" data-id=\"c18f2ec\" data-element_type=\"container\">\n\t\t\t\t\t<div class=\"e-con-inner\">\n\t\t<div class=\"elementor-element elementor-element-92806b3 e-con-full e-flex e-con e-child\" data-id=\"92806b3\" data-element_type=\"container\">\n\t\t<div class=\"elementor-element elementor-element-ea3b7b7 e-flex e-con-boxed e-con e-child\" data-id=\"ea3b7b7\" data-element_type=\"container\">\n\t\t\t\t\t<div class=\"e-con-inner\">\n\t\t<div class=\"elementor-element elementor-element-c645717 post_tools_container e-flex e-con-boxed e-con e-child\" data-id=\"c645717\" data-element_type=\"container\">\n\t\t\t\t\t<div class=\"e-con-inner\">\n\t\t\t\t\t<\/div>\n\t\t\t\t<\/div>\n\t\t\t\t<div class=\"elementor-element elementor-element-5793473 elementor-widget elementor-widget-text-editor\" data-id=\"5793473\" data-element_type=\"widget\" data-widget_type=\"text-editor.default\">\n\t\t\t\t<div class=\"elementor-widget-container\">\n\t\t\t\t\t\t\t\t\t<p>Szanowni Pa\u0144stwo,<\/p>\t\t\t\t\t\t\t\t<\/div>\n\t\t\t\t<\/div>\n\t\t\t\t<div class=\"elementor-element elementor-element-d64fbd9 elementor-widget elementor-widget-text-editor\" data-id=\"d64fbd9\" data-element_type=\"widget\" data-widget_type=\"text-editor.default\">\n\t\t\t\t<div class=\"elementor-widget-container\">\n\t\t\t\t\t\t\t\t\t<p>Zgodnie z Rozporz\u0105dzeniem Parlamentu Europejskiego i Rady (UE) 2016\/679 z dnia 27 kwietnia 2016 r. w sprawie ochrony os\u00f3b fizycznych w zwi\u0105zku z przetwarzaniem danych osobowych i w sprawie swobodnego przep\u0142ywu takich danych oraz uchylenia dyrektywy 95\/46\/WE (w skr\u00f3cie \u201eRODO\u201d).<\/p>\t\t\t\t\t\t\t\t<\/div>\n\t\t\t\t<\/div>\n\t\t\t\t<div class=\"elementor-element elementor-element-f31f25a elementor-widget elementor-widget-text-editor\" data-id=\"f31f25a\" data-element_type=\"widget\" data-widget_type=\"text-editor.default\">\n\t\t\t\t<div class=\"elementor-widget-container\">\n\t\t\t\t\t\t\t\t\t<p>Realizuj\u0105c obowi\u0105zek spoczywaj\u0105cy na Coats Polska Sp\u00f3\u0142ka z o.o. przekazujemy poni\u017csze informacje.<\/p>\t\t\t\t\t\t\t\t<\/div>\n\t\t\t\t<\/div>\n\t\t\t\t<div class=\"elementor-element elementor-element-0c4d206 elementor-widget elementor-widget-heading\" data-id=\"0c4d206\" data-element_type=\"widget\" data-widget_type=\"heading.default\">\n\t\t\t\t<div class=\"elementor-widget-container\">\n\t\t\t\t\t<h3 class=\"elementor-heading-title elementor-size-default\">I. Kto jest Administratorem Pa\u0144stwa danych ?<\/h3>\t\t\t\t<\/div>\n\t\t\t\t<\/div>\n\t\t\t\t<div class=\"elementor-element elementor-element-e24cb1f elementor-widget elementor-widget-text-editor\" data-id=\"e24cb1f\" data-element_type=\"widget\" data-widget_type=\"text-editor.default\">\n\t\t\t\t<div class=\"elementor-widget-container\">\n\t\t\t\t\t\t\t\t\t<p>The controller of your personal data is Coats Polska Sp\u00f3\u0142ka z ograniczon\u0105 odpowiedzialno\u015bci\u0105, with its registered office in \u0141\u00f3d\u017a, 94-102, at Nowe Sady 2 (hereinafter referred to as Coats).<\/p>\t\t\t\t\t\t\t\t<\/div>\n\t\t\t\t<\/div>\n\t\t\t\t<div class=\"elementor-element elementor-element-fc948fe elementor-widget elementor-widget-text-editor\" data-id=\"fc948fe\" data-element_type=\"widget\" data-widget_type=\"text-editor.default\">\n\t\t\t\t<div class=\"elementor-widget-container\">\n\t\t\t\t\t\t\t\t\t<p>Uprzejmie informujemy, i\u017c wszelkie udzielone dotychczas pisemnie i w spos\u00f3b jednoznaczny zgody na przetwarzanie Pa\u0144stwa danych osobowych oraz zgody marketingowe (je\u015bli dotyczy) pozostaj\u0105 w mocy.<\/p>\t\t\t\t\t\t\t\t<\/div>\n\t\t\t\t<\/div>\n\t\t\t\t<div class=\"elementor-element elementor-element-235b370 elementor-widget elementor-widget-heading\" data-id=\"235b370\" data-element_type=\"widget\" data-widget_type=\"heading.default\">\n\t\t\t\t<div class=\"elementor-widget-container\">\n\t\t\t\t\t<h3 class=\"elementor-heading-title elementor-size-default\">II. Sk\u0105d mamy Pa\u0144stwa dane ?<\/h3>\t\t\t\t<\/div>\n\t\t\t\t<\/div>\n\t\t\t\t<div class=\"elementor-element elementor-element-7a2b9fb elementor-widget elementor-widget-text-editor\" data-id=\"7a2b9fb\" data-element_type=\"widget\" data-widget_type=\"text-editor.default\">\n\t\t\t\t<div class=\"elementor-widget-container\">\n\t\t\t\t\t\t\t\t\t<p>1. Bezpo\u015brednio od Pa\u0144stwa.<\/p><p>2. Ze \u017ar\u00f3de\u0142 publicznie dost\u0119pnych, np. z Krajowego Rejestru S\u0105dowego, Centralnej Ewidencji i Informacji o Dzia\u0142alno\u015bci Gospodarczej i innych podobnych \u017ar\u00f3de\u0142.<\/p>\t\t\t\t\t\t\t\t<\/div>\n\t\t\t\t<\/div>\n\t\t\t\t<div class=\"elementor-element elementor-element-1c14ed0 elementor-widget elementor-widget-heading\" data-id=\"1c14ed0\" data-element_type=\"widget\" data-widget_type=\"heading.default\">\n\t\t\t\t<div class=\"elementor-widget-container\">\n\t\t\t\t\t<h3 class=\"elementor-heading-title elementor-size-default\">III. Jakie dane przetwarzamy ?<\/h3>\t\t\t\t<\/div>\n\t\t\t\t<\/div>\n\t\t\t\t<div class=\"elementor-element elementor-element-4e577a1 elementor-widget elementor-widget-text-editor\" data-id=\"4e577a1\" data-element_type=\"widget\" data-widget_type=\"text-editor.default\">\n\t\t\t\t<div class=\"elementor-widget-container\">\n\t\t\t\t\t\t\t\t\t<p>1. Dane kontaktowe: imi\u0119 i nazwisko, adres, numer telefonu, adres e\u2019mail.<\/p><p>2. Dane wymagane przepisami prawa wymagane do identyfikacji na potrzeby zawarcia umowy, wykonania us\u0142ugi, wystawienia faktury.<\/p>\t\t\t\t\t\t\t\t<\/div>\n\t\t\t\t<\/div>\n\t\t\t\t<div class=\"elementor-element elementor-element-59072d1 elementor-widget elementor-widget-heading\" data-id=\"59072d1\" data-element_type=\"widget\" data-widget_type=\"heading.default\">\n\t\t\t\t<div class=\"elementor-widget-container\">\n\t\t\t\t\t<h3 class=\"elementor-heading-title elementor-size-default\">IV. Do czego b\u0119dziemy u\u017cywa\u0107 Pa\u0144stwa danych\nosobowych ?<\/h3>\t\t\t\t<\/div>\n\t\t\t\t<\/div>\n\t\t\t\t<div class=\"elementor-element elementor-element-f8b4df9 elementor-widget elementor-widget-text-editor\" data-id=\"f8b4df9\" data-element_type=\"widget\" data-widget_type=\"text-editor.default\">\n\t\t\t\t<div class=\"elementor-widget-container\">\n\t\t\t\t\t\t\t\t\t<p>G\u0142\u00f3wnym celem przetwarzania powierzonych nam danych osobowych jest przyj\u0119cie zam\u00f3wienia na zakup towar\u00f3w (w tym ocena zdolno\u015bci kredytowej) oraz zawarcie i prawid\u0142owa realizacja umowy sprzeda\u017cy lub zakupu.<\/p>\t\t\t\t\t\t\t\t<\/div>\n\t\t\t\t<\/div>\n\t\t\t\t<div class=\"elementor-element elementor-element-2ebe8d5 elementor-widget elementor-widget-text-editor\" data-id=\"2ebe8d5\" data-element_type=\"widget\" data-widget_type=\"text-editor.default\">\n\t\t\t\t<div class=\"elementor-widget-container\">\n\t\t\t\t\t\t\t\t\t<p>Cz\u0119\u015b\u0107 danych osobowych jest gromadzona i udost\u0119pniana (przetwarzana) w celu realizacji naszych ustawowych obowi\u0105zk\u00f3w, w tym obowi\u0105zk\u00f3w wynikaj\u0105cych z przepis\u00f3w o rachunkowo\u015bci, o przeciwdzia\u0142aniu praniu pieni\u0119dzy oraz finansowaniu terroryzmu czy przepis\u00f3w podatkowych.<\/p>\t\t\t\t\t\t\t\t<\/div>\n\t\t\t\t<\/div>\n\t\t\t\t<div class=\"elementor-element elementor-element-9aa7785 elementor-widget elementor-widget-text-editor\" data-id=\"9aa7785\" data-element_type=\"widget\" data-widget_type=\"text-editor.default\">\n\t\t\t\t<div class=\"elementor-widget-container\">\n\t\t\t\t\t\t\t\t\t<p>Administrator danych nie przewiduje stosowania mechanizm\u00f3w profilowania.<\/p>\t\t\t\t\t\t\t\t<\/div>\n\t\t\t\t<\/div>\n\t\t\t\t<div class=\"elementor-element elementor-element-054619a elementor-widget elementor-widget-heading\" data-id=\"054619a\" data-element_type=\"widget\" data-widget_type=\"heading.default\">\n\t\t\t\t<div class=\"elementor-widget-container\">\n\t\t\t\t\t<h3 class=\"elementor-heading-title elementor-size-default\">V. Na jakiej podstawie b\u0119dziemy przetwarza\u0107 Pa\u0144stwa dane ?<\/h3>\t\t\t\t<\/div>\n\t\t\t\t<\/div>\n\t\t\t\t<div class=\"elementor-element elementor-element-1d395ba elementor-widget elementor-widget-text-editor\" data-id=\"1d395ba\" data-element_type=\"widget\" data-widget_type=\"text-editor.default\">\n\t\t\t\t<div class=\"elementor-widget-container\">\n\t\t\t\t\t\t\t\t\t<p>1. Konieczno\u015b\u0107 wykonania umowy zwartej z Pa\u0144stwem lub do podj\u0119cia dzia\u0142a\u0144 przed zawarciem umowy albo um\u00f3w zawartych ze sp\u00f3\u0142kami z Grupy Coats ( art. 6 pkt 1.b RODO).<\/p><p>2. Konieczno\u015b\u0107 realizacji obowi\u0105zk\u00f3w wynikaj\u0105cych z obowi\u0105zuj\u0105cych przepis\u00f3w prawa ( art. 6 pkt 1.c RODO).<\/p><p>3. Prawnie usprawiedliwiony interes Coats (art. 6 pkt 1.f RODO).<\/p><p>4. Udzielona zgoda (art. 6 pkt 1.a RODO).<\/p>\t\t\t\t\t\t\t\t<\/div>\n\t\t\t\t<\/div>\n\t\t\t\t<div class=\"elementor-element elementor-element-f0946f5 elementor-widget elementor-widget-heading\" data-id=\"f0946f5\" data-element_type=\"widget\" data-widget_type=\"heading.default\">\n\t\t\t\t<div class=\"elementor-widget-container\">\n\t\t\t\t\t<h3 class=\"elementor-heading-title elementor-size-default\">VI. Czy mog\u0105 Pa\u0144stwo cofn\u0105\u0107 udzielon\u0105 zgod\u0119 ?<\/h3>\t\t\t\t<\/div>\n\t\t\t\t<\/div>\n\t\t\t\t<div class=\"elementor-element elementor-element-b0b0da4 elementor-widget elementor-widget-text-editor\" data-id=\"b0b0da4\" data-element_type=\"widget\" data-widget_type=\"text-editor.default\">\n\t\t\t\t<div class=\"elementor-widget-container\">\n\t\t\t\t\t\t\t\t\t<p>Klient ma prawo cofn\u0105\u0107 zgod\u0119 na przetwarzanie danych osobowych w ka\u017cdym czasie, bez wp\u0142ywu na zgodno\u015b\u0107 z prawem przetwarzania, kt\u00f3rego dokonano na podstawie zgody przed jej cofni\u0119ciem. Prawo to nie obejmuje sytuacji, w kt\u00f3rych Coats uprawniony jest do przetwarzania danych w celu realizacji zawartej umowy lub innych obowi\u0105zk\u00f3w wynikaj\u0105cych z obowi\u0105zuj\u0105cych przepis\u00f3w prawa (sprawozdawczo\u015b\u0107, obowi\u0105zki publicznoprawne itp.) lub na innej podstawie, ni\u017c zgoda Klienta. Podanie danych osobowych przez Klienta jest dobrowolne; tam gdzie podstaw\u0105 do przetwarzania danych s\u0105 obowi\u0105zuj\u0105ce przepisy lub realizacja uzasadnionych interes\u00f3w Coats, odmowa podania danych osobowych mo\u017ce uniemo\u017cliwi\u0107 zawarcie lub kontynuowanie realizacji umowy.<\/p>\t\t\t\t\t\t\t\t<\/div>\n\t\t\t\t<\/div>\n\t\t\t\t<div class=\"elementor-element elementor-element-0f58016 elementor-widget elementor-widget-heading\" data-id=\"0f58016\" data-element_type=\"widget\" data-widget_type=\"heading.default\">\n\t\t\t\t<div class=\"elementor-widget-container\">\n\t\t\t\t\t<h3 class=\"elementor-heading-title elementor-size-default\">VII. Jakie prawa Pa\u0144stwu przys\u0142uguj\u0105 ?<\/h3>\t\t\t\t<\/div>\n\t\t\t\t<\/div>\n\t\t\t\t<div class=\"elementor-element elementor-element-a9d4827 elementor-widget elementor-widget-text-editor\" data-id=\"a9d4827\" data-element_type=\"widget\" data-widget_type=\"text-editor.default\">\n\t\t\t\t<div class=\"elementor-widget-container\">\n\t\t\t\t\t\t\t\t\t<p>Maj\u0105 Pa\u0144stwo prawo do \u017c\u0105dania od Coats dost\u0119pu do swoich danych osobowych, ich sprostowania, usuni\u0119cia lub ograniczenia przetwarzania, a tak\u017ce na Pa\u0144stwa \u017c\u0105danie przeniesienia do innego Administratora danych. W przypadku przetwarzania danych w celach marketingowych mog\u0105 Pa\u0144stwo wnie\u015b\u0107 sprzeciw.<\/p>\t\t\t\t\t\t\t\t<\/div>\n\t\t\t\t<\/div>\n\t\t\t\t<div class=\"elementor-element elementor-element-26fe368 elementor-widget elementor-widget-text-editor\" data-id=\"26fe368\" data-element_type=\"widget\" data-widget_type=\"text-editor.default\">\n\t\t\t\t<div class=\"elementor-widget-container\">\n\t\t\t\t\t\t\t\t\t<p>Maj\u0105 Pa\u0144stwo prawo wniesienia skargi do organu nadzorczego (Urz\u0105d Ochrony Danych Osobowych) o ile przetwarzanie danych narusza Pa\u0144stwa prawa.<\/p>\t\t\t\t\t\t\t\t<\/div>\n\t\t\t\t<\/div>\n\t\t\t\t<div class=\"elementor-element elementor-element-d90218f elementor-widget elementor-widget-heading\" data-id=\"d90218f\" data-element_type=\"widget\" data-widget_type=\"heading.default\">\n\t\t\t\t<div class=\"elementor-widget-container\">\n\t\t\t\t\t<h3 class=\"elementor-heading-title elementor-size-default\">VIII. Komu mog\u0105 by\u0107 przekazane Pa\u0144stwa dane<\/h3>\t\t\t\t<\/div>\n\t\t\t\t<\/div>\n\t\t\t\t<div class=\"elementor-element elementor-element-213a577 elementor-widget elementor-widget-text-editor\" data-id=\"213a577\" data-element_type=\"widget\" data-widget_type=\"text-editor.default\">\n\t\t\t\t<div class=\"elementor-widget-container\">\n\t\t\t\t\t\t\t\t\t<p>Dla realizacji cel\u00f3w przetwarzania danych wskazanych powy\u017cej, dane osobowe mog\u0105 by\u0107 udost\u0119pniane na podstawie um\u00f3w powierzenia przetwarzania danych zawieranych za Pa\u0144stwa zgod\u0105 lub na podstawie obowi\u0105zuj\u0105cych przepis\u00f3w:<\/p>\t\t\t\t\t\t\t\t<\/div>\n\t\t\t\t<\/div>\n\t\t\t\t<div class=\"elementor-element elementor-element-0f24b72 elementor-widget elementor-widget-text-editor\" data-id=\"0f24b72\" data-element_type=\"widget\" data-widget_type=\"text-editor.default\">\n\t\t\t\t<div class=\"elementor-widget-container\">\n\t\t\t\t\t\t\t\t\t<p>1) Sp\u00f3\u0142kom z grupy Coats. List\u0119 sp\u00f3\u0142ek mo\u017cna uzyska\u0107 za po\u015brednictwem <a href=\"mailto:privacy@coats.com?subject=Coats.com\/en-Enquiry-Coats%20Poland%20GDPR%20Information\">privacy@coats.com<\/a>).<\/p><p>2) Brokerom, ubezpieczycielom, ich agentom oraz reasekurantom, w zakresie koniecznym dla ubezpieczenia zakupionych przez Pa\u0144stwa towar\u00f3w, je\u015bli jest taka konieczno\u015b\u0107.<\/p><p>3) Podmiotom \u015bwiadcz\u0105cym us\u0142ugi na rzecz Coats, np. firmom przewozowym, doradcom, audytorom, dostawcom us\u0142ug IT.<\/p><p>4) Podmiotom \u015bwiadcz\u0105cym us\u0142ugi finansowe lub IT na zlecenie Coats znajduj\u0105cym si\u0119 na terenie pa\u0144stw trzecich, zgodnie ze Standardowymi Klauzulami Umownymi.<\/p><p>5) Innym uprawnionym podmiotom w zakresie okre\u015blonym przepisami prawa.<\/p>\t\t\t\t\t\t\t\t<\/div>\n\t\t\t\t<\/div>\n\t\t\t\t<div class=\"elementor-element elementor-element-5494688 elementor-widget elementor-widget-heading\" data-id=\"5494688\" data-element_type=\"widget\" data-widget_type=\"heading.default\">\n\t\t\t\t<div class=\"elementor-widget-container\">\n\t\t\t\t\t<h3 class=\"elementor-heading-title elementor-size-default\">IX. Do kiedy b\u0119dziemy przechowywa\u0107 Pa\u0144stwa dane ?<\/h3>\t\t\t\t<\/div>\n\t\t\t\t<\/div>\n\t\t\t\t<div class=\"elementor-element elementor-element-e48765d elementor-widget elementor-widget-text-editor\" data-id=\"e48765d\" data-element_type=\"widget\" data-widget_type=\"text-editor.default\">\n\t\t\t\t<div class=\"elementor-widget-container\">\n\t\t\t\t\t\t\t\t\t<p>Dane osobowe b\u0119d\u0105 przechowywane przez czas trwania zawartej umowy oraz przez okres po jej zako\u0144czeniu niezb\u0119dny do realizacji obowi\u0105zk\u00f3w wynikaj\u0105cych z obowi\u0105zuj\u0105cych przepis\u00f3w prawa (jak np. ustawa o rachunkowo\u015bci czy ustawa o przeciwdzia\u0142aniu praniu pieni\u0119dzy i finansowaniu terroryzmu) a tak\u017ce przez okres niezb\u0119dny do realizacji naszych ewentualnych roszcze\u0144 jako strony umowy, nie d\u0142u\u017cej jednak ni\u017c okres ich przedawnienia.<\/p>\t\t\t\t\t\t\t\t<\/div>\n\t\t\t\t<\/div>\n\t\t\t\t<div class=\"elementor-element elementor-element-52c19da elementor-widget elementor-widget-text-editor\" data-id=\"52c19da\" data-element_type=\"widget\" data-widget_type=\"text-editor.default\">\n\t\t\t\t<div class=\"elementor-widget-container\">\n\t\t\t\t\t\t\t\t\t<p>Okres ten mo\u017ce by\u0107 wyd\u0142u\u017cony do momentu podniesienia zarzutu przedawnienia przez stron\u0119 przeciwn\u0105 lub z uwagi na mo\u017cliwo\u015b\u0107 odsprzeda\u017cy d\u0142ugu do podmiotu specjalizuj\u0105cego si\u0119 w dochodzeniu roszcze\u0144 nie d\u0142u\u017cej jednak ni\u017c okres ich przedawnienia.<\/p>\t\t\t\t\t\t\t\t<\/div>\n\t\t\t\t<\/div>\n\t\t\t\t<div class=\"elementor-element elementor-element-b980854 elementor-widget elementor-widget-text-editor\" data-id=\"b980854\" data-element_type=\"widget\" data-widget_type=\"text-editor.default\">\n\t\t\t\t<div class=\"elementor-widget-container\">\n\t\t\t\t\t\t\t\t\t<p>Dane przekazane na podstawie zgody b\u0119dziemy przetwarza\u0107 do czasu wycofania zgody.<\/p>\t\t\t\t\t\t\t\t<\/div>\n\t\t\t\t<\/div>\n\t\t\t\t<div class=\"elementor-element elementor-element-45a6450 elementor-widget elementor-widget-heading\" data-id=\"45a6450\" data-element_type=\"widget\" data-widget_type=\"heading.default\">\n\t\t\t\t<div class=\"elementor-widget-container\">\n\t\t\t\t\t<h3 class=\"elementor-heading-title elementor-size-default\">X. Z kim mo\u017cna si\u0119 skontaktowa\u0107 ?<\/h3>\t\t\t\t<\/div>\n\t\t\t\t<\/div>\n\t\t\t\t<div class=\"elementor-element elementor-element-7138ddd elementor-widget elementor-widget-text-editor\" data-id=\"7138ddd\" data-element_type=\"widget\" data-widget_type=\"text-editor.default\">\n\t\t\t\t<div class=\"elementor-widget-container\">\n\t\t\t\t\t\t\t\t\t<p>Coats has appointed a Data Protection Specialist who may be contacted under the following address: Data Protection Specialist, Coats Polska Sp\u00f3\u0142ka z o.o., 94-102 \u0141\u00f3d\u017a, ul. Nowe Sady 2, e-mail: <a href=\"mailto:privacy@coats.com?subject=Coats.com\/en-Enquiry-Coats%20Poland%20GDPR%20Information\" data-wplink-edit=\"true\">privacy@coats.com<\/a><\/p>\t\t\t\t\t\t\t\t<\/div>\n\t\t\t\t<\/div>\n\t\t\t\t<div class=\"elementor-element elementor-element-25730ca elementor-widget elementor-widget-text-editor\" data-id=\"25730ca\" data-element_type=\"widget\" data-widget_type=\"text-editor.default\">\n\t\t\t\t<div class=\"elementor-widget-container\">\n\t\t\t\t\t\t\t\t\t<p>Coats jako administrator Pa\u0144stwa danych osobowych chroni je poprzez dochowanie nale\u017cytej staranno\u015bci oraz stosowanie odpowiednich procedur i \u015brodk\u00f3w bezpiecze\u0144stwa zgodnie z obowi\u0105zuj\u0105cymi w tym zakresie przepisami.<\/p>\t\t\t\t\t\t\t\t<\/div>\n\t\t\t\t<\/div>\n\t\t\t\t<div class=\"elementor-element elementor-element-6fedae7 elementor-widget elementor-widget-text-editor\" data-id=\"6fedae7\" data-element_type=\"widget\" data-widget_type=\"text-editor.default\">\n\t\t\t\t<div class=\"elementor-widget-container\">\n\t\t\t\t\t\t\t\t\t<p>Jednocze\u015bnie prosimy o przekazanie niniejszej informacji Pa\u0144stwa pracownikom, wsp\u00f3\u0142pracownikom lub innym osobom, kt\u00f3rych dane przekazali\u015bcie Pa\u0144stwo Coats (np. w celach kontaktowych) w zwi\u0105zku z zawarciem lub realizacj\u0105 umowy.<\/p>\t\t\t\t\t\t\t\t<\/div>\n\t\t\t\t<\/div>\n\t\t\t\t<div class=\"elementor-element elementor-element-d7fdb77 elementor-widget elementor-widget-text-editor\" data-id=\"d7fdb77\" data-element_type=\"widget\" data-widget_type=\"text-editor.default\">\n\t\t\t\t<div class=\"elementor-widget-container\">\n\t\t\t\t\t\t\t\t\t<p>Coats Polska Sp\u00f3\u0142ka z o.o.<br \/>Administrator Danych Osobowych<br \/>\u0141\u00f3d\u017a, 2022-10-28<\/p>\t\t\t\t\t\t\t\t<\/div>\n\t\t\t\t<\/div>\n\t\t\t\t\t<\/div>\n\t\t\t\t<\/div>\n\t\t\t\t<\/div>\n\t\t<div class=\"elementor-element elementor-element-d3df584 e-con-full e-flex e-con e-child\" data-id=\"d3df584\" data-element_type=\"container\">\n\t\t<div class=\"elementor-element elementor-element-c55a2f8 e-flex e-con-boxed e-con e-child\" data-id=\"c55a2f8\" data-element_type=\"container\" data-settings=\"{&quot;background_background&quot;:&quot;classic&quot;}\">\n\t\t\t\t\t<div class=\"e-con-inner\">\n\t\t\t\t<div class=\"elementor-element elementor-element-20ddf89 elementor-align-justify company_btn elementor-widget elementor-widget-button\" data-id=\"20ddf89\" data-element_type=\"widget\" data-widget_type=\"button.default\">\n\t\t\t\t<div class=\"elementor-widget-container\">\n\t\t\t\t\t\t\t\t\t<div class=\"elementor-button-wrapper\">\n\t\t\t\t\t<a class=\"elementor-button elementor-button-link elementor-size-sm\" href=\"\/wp-content\/uploads\/2023\/10\/Coats-Poland-GDPR-Information-112022.pdf\" target=\"_blank\" download=\"download\">\n\t\t\t\t\t\t<span class=\"elementor-button-content-wrapper\">\n\t\t\t\t\t\t\t\t\t<span class=\"elementor-button-text\">PDF informacja<\/span>\n\t\t\t\t\t<\/span>\n\t\t\t\t\t<\/a>\n\t\t\t\t<\/div>\n\t\t\t\t\t\t\t\t<\/div>\n\t\t\t\t<\/div>\n\t\t\t\t\t<\/div>\n\t\t\t\t<\/div>\n\t\t\t\t<\/div>\n\t\t\t\t\t<\/div>\n\t\t\t\t<\/div>\n\t\t\t\t<\/div>","protected":false},"excerpt":{"rendered":"<p>Coats Poland GDPR Information Dear Sirs, In accordance with the Regulation (EU) No.2016\/679 of the European Parliament and Council of 27 April 2016 on the protection of individuals with regard to the processing of personal data and on the free movement of such data, and repealing Directive 95\/46\/EC (hereinafter referred to as the &#8220;GDPR&#8221;). To [&hellip;]<\/p>","protected":false},"author":3,"featured_media":14031,"parent":0,"menu_order":0,"comment_status":"closed","ping_status":"closed","template":"","meta":{"_acf_changed":false,"footnotes":""},"class_list":["post-14015","page","type-page","status-publish","has-post-thumbnail","hentry"],"acf":[],"yoast_head":"<!-- This site is optimized with the Yoast SEO Premium plugin v25.2 (Yoast SEO v25.2) - https:\/\/yoast.com\/wordpress\/plugins\/seo\/ -->\n<title>Coats Poland GDPR Information | Coats Group plc<\/title>\n<meta name=\"description\" content=\"In accordance with the Regulation (EU) No.2016\/679 of the European Parliament and Council of 27 April 2016 on the protection of individuals with regard to the processing of personal data and on the free movement of such data, and repealing Directive 95\/46\/EC (hereinafter referred to as the \u201cGDPR\u201d).\" \/>\n<meta name=\"robots\" content=\"index, follow, max-snippet:-1, max-image-preview:large, max-video-preview:-1\" \/>\n<link rel=\"canonical\" href=\"https:\/\/www.coats.com\/pl\/coats-poland-gdpr-information\/\" \/>\n<meta property=\"og:locale\" content=\"pl_PL\" \/>\n<meta property=\"og:type\" content=\"article\" \/>\n<meta property=\"og:title\" content=\"Coats Poland GDPR Information\" \/>\n<meta property=\"og:description\" content=\"In accordance with the Regulation (EU) No.2016\/679 of the European Parliament and Council of 27 April 2016 on the protection of individuals with regard to the processing of personal data and on the free movement of such data, and repealing Directive 95\/46\/EC (hereinafter referred to as the \u201cGDPR\u201d).\" \/>\n<meta property=\"og:url\" content=\"https:\/\/www.coats.com\/pl\/coats-poland-gdpr-information\/\" \/>\n<meta property=\"og:site_name\" content=\"Coats Group plc\" \/>\n<meta property=\"article:modified_time\" content=\"2024-10-23T12:48:21+00:00\" \/>\n<meta property=\"og:image\" content=\"https:\/\/cdn.coats.com\/wp-content\/uploads\/coats-poland-gdpr-scaled.webp\" \/>\n\t<meta property=\"og:image:width\" content=\"2560\" \/>\n\t<meta property=\"og:image:height\" content=\"1707\" \/>\n\t<meta property=\"og:image:type\" content=\"image\/webp\" \/>\n<meta name=\"twitter:card\" content=\"summary_large_image\" \/>\n<meta name=\"twitter:title\" content=\"Coats Poland GDPR Information\" \/>\n<meta name=\"twitter:description\" content=\"In accordance with the Regulation (EU) No.2016\/679 of the European Parliament and Council of 27 April 2016 on the protection of individuals with regard to the processing of personal data and on the free movement of such data, and repealing Directive 95\/46\/EC (hereinafter referred to as the \u201cGDPR\u201d).\" \/>\n<meta name=\"twitter:label1\" content=\"Szacowany czas czytania\" \/>\n\t<meta name=\"twitter:data1\" content=\"5 minut\" \/>\n<script type=\"application\/ld+json\" class=\"yoast-schema-graph\">{\"@context\":\"https:\/\/schema.org\",\"@graph\":[{\"@type\":\"WebPage\",\"@id\":\"https:\/\/www.coats.com\/pl\/coats-poland-gdpr-information\/\",\"url\":\"https:\/\/www.coats.com\/pl\/coats-poland-gdpr-information\/\",\"name\":\"Coats Poland GDPR Information | Coats Group plc\",\"isPartOf\":{\"@id\":\"https:\/\/www.coats.com\/pl\/#website\"},\"primaryImageOfPage\":{\"@id\":\"https:\/\/www.coats.com\/pl\/coats-poland-gdpr-information\/#primaryimage\"},\"image\":{\"@id\":\"https:\/\/www.coats.com\/pl\/coats-poland-gdpr-information\/#primaryimage\"},\"thumbnailUrl\":\"https:\/\/cdn.coats.com\/wp-content\/uploads\/coats-poland-gdpr-scaled.webp\",\"datePublished\":\"2024-01-25T09:50:40+00:00\",\"dateModified\":\"2024-10-23T12:48:21+00:00\",\"description\":\"In accordance with the Regulation (EU) No.2016\/679 of the European Parliament and Council of 27 April 2016 on the protection of individuals with regard to the processing of personal data and on the free movement of such data, and repealing Directive 95\/46\/EC (hereinafter referred to as the \u201cGDPR\u201d).\",\"inLanguage\":\"pl-PL\",\"potentialAction\":[{\"@type\":\"ReadAction\",\"target\":[\"https:\/\/www.coats.com\/pl\/coats-poland-gdpr-information\/\"]}]},{\"@type\":\"ImageObject\",\"inLanguage\":\"pl-PL\",\"@id\":\"https:\/\/www.coats.com\/pl\/coats-poland-gdpr-information\/#primaryimage\",\"url\":\"https:\/\/cdn.coats.com\/wp-content\/uploads\/coats-poland-gdpr-scaled.webp\",\"contentUrl\":\"https:\/\/cdn.coats.com\/wp-content\/uploads\/coats-poland-gdpr-scaled.webp\",\"width\":2560,\"height\":1707,\"caption\":\"coats-poland-gdpr\"},{\"@type\":\"WebSite\",\"@id\":\"https:\/\/www.coats.com\/pl\/#website\",\"url\":\"https:\/\/www.coats.com\/pl\/\",\"name\":\"Coats Group plc\",\"description\":\"\",\"publisher\":{\"@id\":\"https:\/\/www.coats.com\/pl\/#organization\"},\"potentialAction\":[{\"@type\":\"SearchAction\",\"target\":{\"@type\":\"EntryPoint\",\"urlTemplate\":\"https:\/\/www.coats.com\/pl\/?s={search_term_string}\"},\"query-input\":{\"@type\":\"PropertyValueSpecification\",\"valueRequired\":true,\"valueName\":\"search_term_string\"}}],\"inLanguage\":\"pl-PL\"},{\"@type\":\"Organization\",\"@id\":\"https:\/\/www.coats.com\/pl\/#organization\",\"name\":\"Coats Group plc\",\"url\":\"https:\/\/www.coats.com\/pl\/\",\"logo\":{\"@type\":\"ImageObject\",\"inLanguage\":\"pl-PL\",\"@id\":\"https:\/\/www.coats.com\/pl\/#\/schema\/logo\/image\/\",\"url\":\"https:\/\/cdn.coats.com\/wp-content\/uploads\/coats-logo.svg\",\"contentUrl\":\"https:\/\/cdn.coats.com\/wp-content\/uploads\/coats-logo.svg\",\"width\":79,\"height\":79,\"caption\":\"Coats Group plc\"},\"image\":{\"@id\":\"https:\/\/www.coats.com\/pl\/#\/schema\/logo\/image\/\"}}]}<\/script>\n<!-- \/ Yoast SEO Premium plugin. -->","yoast_head_json":{"title":"Coats Poland GDPR Information | Coats Group plc","description":"In accordance with the Regulation (EU) No.2016\/679 of the European Parliament and Council of 27 April 2016 on the protection of individuals with regard to the processing of personal data and on the free movement of such data, and repealing Directive 95\/46\/EC (hereinafter referred to as the \u201cGDPR\u201d).","robots":{"index":"index","follow":"follow","max-snippet":"max-snippet:-1","max-image-preview":"max-image-preview:large","max-video-preview":"max-video-preview:-1"},"canonical":"https:\/\/www.coats.com\/pl\/coats-poland-gdpr-information\/","og_locale":"pl_PL","og_type":"article","og_title":"Coats Poland GDPR Information","og_description":"In accordance with the Regulation (EU) No.2016\/679 of the European Parliament and Council of 27 April 2016 on the protection of individuals with regard to the processing of personal data and on the free movement of such data, and repealing Directive 95\/46\/EC (hereinafter referred to as the \u201cGDPR\u201d).","og_url":"https:\/\/www.coats.com\/pl\/coats-poland-gdpr-information\/","og_site_name":"Coats Group plc","article_modified_time":"2024-10-23T12:48:21+00:00","og_image":[{"width":2560,"height":1707,"url":"https:\/\/cdn.coats.com\/wp-content\/uploads\/coats-poland-gdpr-scaled.webp","type":"image\/webp"}],"twitter_card":"summary_large_image","twitter_title":"Coats Poland GDPR Information","twitter_description":"In accordance with the Regulation (EU) No.2016\/679 of the European Parliament and Council of 27 April 2016 on the protection of individuals with regard to the processing of personal data and on the free movement of such data, and repealing Directive 95\/46\/EC (hereinafter referred to as the \u201cGDPR\u201d).","twitter_misc":{"Szacowany czas czytania":"5 minut"},"schema":{"@context":"https:\/\/schema.org","@graph":[{"@type":"WebPage","@id":"https:\/\/www.coats.com\/pl\/coats-poland-gdpr-information\/","url":"https:\/\/www.coats.com\/pl\/coats-poland-gdpr-information\/","name":"Coats Poland GDPR Information | Coats Group plc","isPartOf":{"@id":"https:\/\/www.coats.com\/pl\/#website"},"primaryImageOfPage":{"@id":"https:\/\/www.coats.com\/pl\/coats-poland-gdpr-information\/#primaryimage"},"image":{"@id":"https:\/\/www.coats.com\/pl\/coats-poland-gdpr-information\/#primaryimage"},"thumbnailUrl":"https:\/\/cdn.coats.com\/wp-content\/uploads\/coats-poland-gdpr-scaled.webp","datePublished":"2024-01-25T09:50:40+00:00","dateModified":"2024-10-23T12:48:21+00:00","description":"In accordance with the Regulation (EU) No.2016\/679 of the European Parliament and Council of 27 April 2016 on the protection of individuals with regard to the processing of personal data and on the free movement of such data, and repealing Directive 95\/46\/EC (hereinafter referred to as the \u201cGDPR\u201d).","inLanguage":"pl-PL","potentialAction":[{"@type":"ReadAction","target":["https:\/\/www.coats.com\/pl\/coats-poland-gdpr-information\/"]}]},{"@type":"ImageObject","inLanguage":"pl-PL","@id":"https:\/\/www.coats.com\/pl\/coats-poland-gdpr-information\/#primaryimage","url":"https:\/\/cdn.coats.com\/wp-content\/uploads\/coats-poland-gdpr-scaled.webp","contentUrl":"https:\/\/cdn.coats.com\/wp-content\/uploads\/coats-poland-gdpr-scaled.webp","width":2560,"height":1707,"caption":"coats-poland-gdpr"},{"@type":"WebSite","@id":"https:\/\/www.coats.com\/pl\/#website","url":"https:\/\/www.coats.com\/pl\/","name":"Coats Group plc","description":"","publisher":{"@id":"https:\/\/www.coats.com\/pl\/#organization"},"potentialAction":[{"@type":"SearchAction","target":{"@type":"EntryPoint","urlTemplate":"https:\/\/www.coats.com\/pl\/?s={search_term_string}"},"query-input":{"@type":"PropertyValueSpecification","valueRequired":true,"valueName":"search_term_string"}}],"inLanguage":"pl-PL"},{"@type":"Organization","@id":"https:\/\/www.coats.com\/pl\/#organization","name":"Coats Group plc","url":"https:\/\/www.coats.com\/pl\/","logo":{"@type":"ImageObject","inLanguage":"pl-PL","@id":"https:\/\/www.coats.com\/pl\/#\/schema\/logo\/image\/","url":"https:\/\/cdn.coats.com\/wp-content\/uploads\/coats-logo.svg","contentUrl":"https:\/\/cdn.coats.com\/wp-content\/uploads\/coats-logo.svg","width":79,"height":79,"caption":"Coats Group plc"},"image":{"@id":"https:\/\/www.coats.com\/pl\/#\/schema\/logo\/image\/"}}]}},"_links":{"self":[{"href":"https:\/\/www.coats.com\/pl\/wp-json\/wp\/v2\/pages\/14015","targetHints":{"allow":["GET"]}}],"collection":[{"href":"https:\/\/www.coats.com\/pl\/wp-json\/wp\/v2\/pages"}],"about":[{"href":"https:\/\/www.coats.com\/pl\/wp-json\/wp\/v2\/types\/page"}],"author":[{"embeddable":true,"href":"https:\/\/www.coats.com\/pl\/wp-json\/wp\/v2\/users\/3"}],"replies":[{"embeddable":true,"href":"https:\/\/www.coats.com\/pl\/wp-json\/wp\/v2\/comments?post=14015"}],"version-history":[{"count":50,"href":"https:\/\/www.coats.com\/pl\/wp-json\/wp\/v2\/pages\/14015\/revisions"}],"predecessor-version":[{"id":29789,"href":"https:\/\/www.coats.com\/pl\/wp-json\/wp\/v2\/pages\/14015\/revisions\/29789"}],"wp:featuredmedia":[{"embeddable":true,"href":"https:\/\/www.coats.com\/pl\/wp-json\/wp\/v2\/media\/14031"}],"wp:attachment":[{"href":"https:\/\/www.coats.com\/pl\/wp-json\/wp\/v2\/media?parent=14015"}],"curies":[{"name":"wp","href":"https:\/\/api.w.org\/{rel}","templated":true}]}}